{"id":4588,"date":"2022-03-04T18:27:35","date_gmt":"2022-03-04T18:27:35","guid":{"rendered":"https:\/\/livrariasolmar.pt\/?post_type=product&#038;p=4588"},"modified":"2025-12-13T19:08:53","modified_gmt":"2025-12-13T19:08:53","slug":"o-seculo-dos-prodigios","status":"publish","type":"product","link":"https:\/\/livrariasolmar.pt\/en\/produto\/o-seculo-dos-prodigios\/","title":{"rendered":"O S\u00e9culo dos Prod\u00edgios"},"content":{"rendered":"","protected":false},"excerpt":{"rendered":"<p>Pr\u00e9mio Mariano Gago 2019<br \/>\nPr\u00e9mio Funda\u00e7\u00e3o Gulbenkian \/ Hist\u00f3ria da Presen\u00e7a de Portugal no Mundo<br \/>\nPr\u00e9mio D. Diniz<br \/>\nPr\u00e9mio John Dos Passos 2019, na categoria de Ensaio<\/p>\n<p>Neste livro, On\u00e9simo Teot\u00f3nio Almeida presta especial aten\u00e7\u00e3o aos s\u00e9culos XV e XVI, afastando-se de qualquer perspectiva nacionalista, na qual alguns historiadores portugueses incorrem, ora pecando por excesso, ao exagerarem as nossas pretens\u00f5es em mat\u00e9ria de ci\u00eancia, ora por defeito ao ignorarem o papel que de facto tivemos. Ao mesmo tempo, tenta corrigir a historiografia anglo-americana que n\u00e3o prestou a devida aten\u00e7\u00e3o ao ocorrido em Portugal nesse per\u00edodo. Com efeito, durante o final da Idade M\u00e9dia foram surgindo em Portugal sinais de um inovador interesse pela natureza e pelo conhecimento emp\u00edrico dela, assim liderando um dos grandes momentos de viragem na Hist\u00f3ria da Ci\u00eancia. Este livro \u00e9 uma revisita\u00e7\u00e3o dos anos de ouro da hist\u00f3ria portuguesa: O S\u00e9culo dos Prod\u00edgios \u00e9 a revela\u00e7\u00e3o de como no nosso pa\u00eds, durante o chamado per\u00edodo da Expans\u00e3o, surgiu e cresceu um n\u00facleo duro de pensamento e trabalho cient\u00edfico verdadeiramente pioneiro, sem o qual as viagens desses s\u00e9culos teriam sido imposs\u00edveis.<\/p>\n","protected":false},"author":2,"featured_media":3864,"template":"","meta":[],"product_cat":[146],"product_tag":[],"cat_produtos":[391],"yoast_head":"<!-- This site is optimized with the Yoast SEO plugin v16.6 - https:\/\/yoast.com\/wordpress\/plugins\/seo\/ -->\n<title>O S\u00e9culo dos Prod\u00edgios - Livraria Solmar - Livraria online<\/title>\n<meta name=\"robots\" content=\"index, follow, max-snippet:-1, max-image-preview:large, max-video-preview:-1\" \/>\n<link rel=\"canonical\" href=\"https:\/\/livrariasolmar.pt\/en\/produto\/o-seculo-dos-prodigios\/\" \/>\n<meta property=\"og:locale\" content=\"en_US\" \/>\n<meta property=\"og:type\" content=\"article\" \/>\n<meta property=\"og:title\" content=\"O S\u00e9culo dos Prod\u00edgios - Livraria Solmar - Livraria online\" \/>\n<meta property=\"og:description\" content=\"Pr\u00e9mio Mariano Gago 2019 Pr\u00e9mio Funda\u00e7\u00e3o Gulbenkian \/ Hist\u00f3ria da Presen\u00e7a de Portugal no Mundo Pr\u00e9mio D. Diniz Pr\u00e9mio John Dos Passos 2019, na categoria de Ensaio  Neste livro, On\u00e9simo Teot\u00f3nio Almeida presta especial aten\u00e7\u00e3o aos s\u00e9culos XV e XVI, afastando-se de qualquer perspectiva nacionalista, na qual alguns historiadores portugueses incorrem, ora pecando por excesso, ao exagerarem as nossas pretens\u00f5es em mat\u00e9ria de ci\u00eancia, ora por defeito ao ignorarem o papel que de facto tivemos. Ao mesmo tempo, tenta corrigir a historiografia anglo-americana que n\u00e3o prestou a devida aten\u00e7\u00e3o ao ocorrido em Portugal nesse per\u00edodo. Com efeito, durante o final da Idade M\u00e9dia foram surgindo em Portugal sinais de um inovador interesse pela natureza e pelo conhecimento emp\u00edrico dela, assim liderando um dos grandes momentos de viragem na Hist\u00f3ria da Ci\u00eancia. Este livro \u00e9 uma revisita\u00e7\u00e3o dos anos de ouro da hist\u00f3ria portuguesa: O S\u00e9culo dos Prod\u00edgios \u00e9 a revela\u00e7\u00e3o de como no nosso pa\u00eds, durante o chamado per\u00edodo da Expans\u00e3o, surgiu e cresceu um n\u00facleo duro de pensamento e trabalho cient\u00edfico verdadeiramente pioneiro, sem o qual as viagens desses s\u00e9culos teriam sido imposs\u00edveis.\" \/>\n<meta property=\"og:url\" content=\"https:\/\/livrariasolmar.pt\/produto\/o-seculo-dos-prodigios\/\" \/>\n<meta property=\"og:site_name\" content=\"Livraria Solmar - Livraria online\" \/>\n<meta property=\"article:modified_time\" content=\"2025-12-13T19:08:53+00:00\" \/>\n<meta property=\"og:image\" content=\"https:\/\/livrariasolmar.pt\/wp-content\/uploads\/2021\/12\/Onesimo.jpg\" \/>\n\t<meta property=\"og:image:width\" content=\"300\" \/>\n\t<meta property=\"og:image:height\" content=\"468\" \/>\n<meta name=\"twitter:card\" content=\"summary_large_image\" \/>\n<script type=\"application\/ld+json\" class=\"yoast-schema-graph\">{\"@context\":\"https:\/\/schema.org\",\"@graph\":[{\"@type\":\"WebSite\",\"@id\":\"https:\/\/livrariasolmar.pt\/#website\",\"url\":\"https:\/\/livrariasolmar.pt\/\",\"name\":\"Livraria Solmar - Livraria online\",\"description\":\"Com\\u00e9rcio Livros E Objetos De Arte, Lda - Ponta Delgada, A\\u00e7ores\",\"potentialAction\":[{\"@type\":\"SearchAction\",\"target\":{\"@type\":\"EntryPoint\",\"urlTemplate\":\"https:\/\/livrariasolmar.pt\/?s={search_term_string}\"},\"query-input\":\"required name=search_term_string\"}],\"inLanguage\":\"en-US\"},{\"@type\":\"ImageObject\",\"@id\":\"https:\/\/livrariasolmar.pt\/produto\/o-seculo-dos-prodigios\/#primaryimage\",\"inLanguage\":\"en-US\",\"url\":\"https:\/\/livrariasolmar.pt\/wp-content\/uploads\/2021\/12\/Onesimo.jpg\",\"contentUrl\":\"https:\/\/livrariasolmar.pt\/wp-content\/uploads\/2021\/12\/Onesimo.jpg\",\"width\":300,\"height\":468},{\"@type\":\"WebPage\",\"@id\":\"https:\/\/livrariasolmar.pt\/produto\/o-seculo-dos-prodigios\/#webpage\",\"url\":\"https:\/\/livrariasolmar.pt\/produto\/o-seculo-dos-prodigios\/\",\"name\":\"O S\\u00e9culo dos Prod\\u00edgios - Livraria Solmar - Livraria online\",\"isPartOf\":{\"@id\":\"https:\/\/livrariasolmar.pt\/#website\"},\"primaryImageOfPage\":{\"@id\":\"https:\/\/livrariasolmar.pt\/produto\/o-seculo-dos-prodigios\/#primaryimage\"},\"datePublished\":\"2022-03-04T18:27:35+00:00\",\"dateModified\":\"2025-12-13T19:08:53+00:00\",\"breadcrumb\":{\"@id\":\"https:\/\/livrariasolmar.pt\/produto\/o-seculo-dos-prodigios\/#breadcrumb\"},\"inLanguage\":\"en-US\",\"potentialAction\":[{\"@type\":\"ReadAction\",\"target\":[\"https:\/\/livrariasolmar.pt\/produto\/o-seculo-dos-prodigios\/\"]}]},{\"@type\":\"BreadcrumbList\",\"@id\":\"https:\/\/livrariasolmar.pt\/produto\/o-seculo-dos-prodigios\/#breadcrumb\",\"itemListElement\":[{\"@type\":\"ListItem\",\"position\":1,\"name\":\"In\\u00edcio\",\"item\":\"https:\/\/livrariasolmar.pt\/en\/\"},{\"@type\":\"ListItem\",\"position\":2,\"name\":\"Shop\",\"item\":\"https:\/\/livrariasolmar.pt\/en\/shop\/\"},{\"@type\":\"ListItem\",\"position\":3,\"name\":\"O S\\u00e9culo dos Prod\\u00edgios\"}]}]}<\/script>\n<!-- \/ Yoast SEO plugin. -->","_links":{"self":[{"href":"https:\/\/livrariasolmar.pt\/en\/wp-json\/wp\/v2\/product\/4588"}],"collection":[{"href":"https:\/\/livrariasolmar.pt\/en\/wp-json\/wp\/v2\/product"}],"about":[{"href":"https:\/\/livrariasolmar.pt\/en\/wp-json\/wp\/v2\/types\/product"}],"author":[{"embeddable":true,"href":"https:\/\/livrariasolmar.pt\/en\/wp-json\/wp\/v2\/users\/2"}],"wp:featuredmedia":[{"embeddable":true,"href":"https:\/\/livrariasolmar.pt\/en\/wp-json\/wp\/v2\/media\/3864"}],"wp:attachment":[{"href":"https:\/\/livrariasolmar.pt\/en\/wp-json\/wp\/v2\/media?parent=4588"}],"wp:term":[{"taxonomy":"product_cat","embeddable":true,"href":"https:\/\/livrariasolmar.pt\/en\/wp-json\/wp\/v2\/product_cat?post=4588"},{"taxonomy":"product_tag","embeddable":true,"href":"https:\/\/livrariasolmar.pt\/en\/wp-json\/wp\/v2\/product_tag?post=4588"},{"taxonomy":"cat_produtos","embeddable":true,"href":"https:\/\/livrariasolmar.pt\/en\/wp-json\/wp\/v2\/cat_produtos?post=4588"}],"curies":[{"name":"wp","href":"https:\/\/api.w.org\/{rel}","templated":true}]}}