{"id":8824,"date":"2024-05-08T18:18:47","date_gmt":"2024-05-08T18:18:47","guid":{"rendered":"https:\/\/livrariasolmar.pt\/?post_type=product&#038;p=8824"},"modified":"2024-09-18T17:49:17","modified_gmt":"2024-09-18T17:49:17","slug":"livros-reunidos","status":"publish","type":"product","link":"https:\/\/livrariasolmar.pt\/en\/produto\/livros-reunidos\/","title":{"rendered":"Livros Reunidos"},"content":{"rendered":"","protected":false},"excerpt":{"rendered":"<div class=\"summary entry-summary\">\n<div class=\"full-description-product-detail\">\n<p>ANTOLOGIA PO\u00c9TICA DE CARLOS BESSA \u00c9 O PRIMEIRO LIVRO DA COLEC\u00c7\u00c3O DE POESIA EM 2024.<\/p>\n<p>Mais do que poesia da experi\u00eancia, express\u00e3o gasta com o uso, estes livros reunidos s\u00e3o \u00abimagens vindas dos dias\u00bb. H\u00e1 em Carlos Bessa um sentimento do mundo que conhecemos de Ruy Belo e de outros contempor\u00e2neos (o tempo, a morte, o h\u00e1bito, as \u00abmaneiras de dizer adeus\u00bb), com observa\u00e7\u00f5es e recorda\u00e7\u00f5es umas vezes comovidas, outras indignadas, e a auto\u2011piedade contrariada por veem\u00eancias e sarcasmos. A exist\u00eancia confunde\u2011se aqui com o quotidiano, os empregos, o desajuste, o t\u00e9dio, em contexto urbano, suburbano, rural ou ilh\u00e9u. E essa sensa\u00e7\u00e3o inquina at\u00e9 a vida dom\u00e9stica e afectiva. Mas a linguagem \u00e9 vigorosa, n\u00e3o frouxa ou prosaica, e Bessa n\u00e3o se refugia no \u00abbunker do eu\u00bb, preferindo o discurso el\u00edptico, o biografismo esquinado. O mal viver activo destes versos manifesta\u2011se assim na \u00abviol\u00eancia do sim\u00bb e na \u00abternura do n\u00e3o\u00bb, nas elegias aos mortos ou a \u00abalgo em n\u00f3s [que] morreu\u00bb, num\u00a0<em>horror vacui<\/em>\u00a0que admite que todo o vazio \u00e9 preenchido, mesmo que seja por aquilo que se degrada ou desfaz, mesmo que seja pela poesia, \u00abenergia gasta em \/ preservar o in\u00fatil\u00bb.<\/p>\n<p>&nbsp;<\/p>\n<p class=\"first-payment-date\">\n<\/div>\n<div class=\"share-container\">\n<div><\/div>\n<div><\/div>\n<div><\/div>\n<\/div>\n<\/div>\n<div class=\"related products\"><\/div>\n<div class=\"related products\"><\/div>\n","protected":false},"author":2,"featured_media":8825,"template":"","meta":[],"product_cat":[162],"product_tag":[],"cat_produtos":[],"yoast_head":"<!-- This site is optimized with the Yoast SEO plugin v16.6 - https:\/\/yoast.com\/wordpress\/plugins\/seo\/ -->\n<title>Livros Reunidos - Livraria Solmar - Livraria online<\/title>\n<meta name=\"robots\" content=\"index, follow, max-snippet:-1, max-image-preview:large, max-video-preview:-1\" \/>\n<link rel=\"canonical\" href=\"https:\/\/livrariasolmar.pt\/en\/produto\/livros-reunidos\/\" \/>\n<meta property=\"og:locale\" content=\"en_US\" \/>\n<meta property=\"og:type\" content=\"article\" \/>\n<meta property=\"og:title\" content=\"Livros Reunidos - Livraria Solmar - Livraria online\" \/>\n<meta property=\"og:description\" content=\"ANTOLOGIA PO\u00c9TICA DE CARLOS BESSA \u00c9 O PRIMEIRO LIVRO DA COLEC\u00c7\u00c3O DE POESIA EM 2024.  Mais do que poesia da experi\u00eancia, express\u00e3o gasta com o uso, estes livros reunidos s\u00e3o \u00abimagens vindas dos dias\u00bb. H\u00e1 em Carlos Bessa um sentimento do mundo que conhecemos de Ruy Belo e de outros contempor\u00e2neos (o tempo, a morte, o h\u00e1bito, as \u00abmaneiras de dizer adeus\u00bb), com observa\u00e7\u00f5es e recorda\u00e7\u00f5es umas vezes comovidas, outras indignadas, e a auto\u2011piedade contrariada por veem\u00eancias e sarcasmos. A exist\u00eancia confunde\u2011se aqui com o quotidiano, os empregos, o desajuste, o t\u00e9dio, em contexto urbano, suburbano, rural ou ilh\u00e9u. E essa sensa\u00e7\u00e3o inquina at\u00e9 a vida dom\u00e9stica e afectiva. Mas a linguagem \u00e9 vigorosa, n\u00e3o frouxa ou prosaica, e Bessa n\u00e3o se refugia no \u00abbunker do eu\u00bb, preferindo o discurso el\u00edptico, o biografismo esquinado. O mal viver activo destes versos manifesta\u2011se assim na \u00abviol\u00eancia do sim\u00bb e na \u00abternura do n\u00e3o\u00bb, nas elegias aos mortos ou a \u00abalgo em n\u00f3s [que] morreu\u00bb, num\u00a0horror vacui\u00a0que admite que todo o vazio \u00e9 preenchido, mesmo que seja por aquilo que se degrada ou desfaz, mesmo que seja pela poesia, \u00abenergia gasta em \/ preservar o in\u00fatil\u00bb.  &nbsp;\" \/>\n<meta property=\"og:url\" content=\"https:\/\/livrariasolmar.pt\/produto\/livros-reunidos\/\" \/>\n<meta property=\"og:site_name\" content=\"Livraria Solmar - Livraria online\" \/>\n<meta property=\"article:modified_time\" content=\"2024-09-18T17:49:17+00:00\" \/>\n<meta property=\"og:image\" content=\"https:\/\/livrariasolmar.pt\/wp-content\/uploads\/2024\/05\/9789896718138.jpg-540x745-1.jpg\" \/>\n\t<meta property=\"og:image:width\" content=\"540\" \/>\n\t<meta property=\"og:image:height\" content=\"745\" \/>\n<meta name=\"twitter:card\" content=\"summary_large_image\" \/>\n<script type=\"application\/ld+json\" class=\"yoast-schema-graph\">{\"@context\":\"https:\/\/schema.org\",\"@graph\":[{\"@type\":\"WebSite\",\"@id\":\"https:\/\/livrariasolmar.pt\/#website\",\"url\":\"https:\/\/livrariasolmar.pt\/\",\"name\":\"Livraria Solmar - Livraria online\",\"description\":\"Com\\u00e9rcio Livros E Objetos De Arte, Lda - Ponta Delgada, A\\u00e7ores\",\"potentialAction\":[{\"@type\":\"SearchAction\",\"target\":{\"@type\":\"EntryPoint\",\"urlTemplate\":\"https:\/\/livrariasolmar.pt\/?s={search_term_string}\"},\"query-input\":\"required name=search_term_string\"}],\"inLanguage\":\"en-US\"},{\"@type\":\"ImageObject\",\"@id\":\"https:\/\/livrariasolmar.pt\/produto\/livros-reunidos\/#primaryimage\",\"inLanguage\":\"en-US\",\"url\":\"https:\/\/livrariasolmar.pt\/wp-content\/uploads\/2024\/05\/9789896718138.jpg-540x745-1.jpg\",\"contentUrl\":\"https:\/\/livrariasolmar.pt\/wp-content\/uploads\/2024\/05\/9789896718138.jpg-540x745-1.jpg\",\"width\":540,\"height\":745},{\"@type\":\"WebPage\",\"@id\":\"https:\/\/livrariasolmar.pt\/produto\/livros-reunidos\/#webpage\",\"url\":\"https:\/\/livrariasolmar.pt\/produto\/livros-reunidos\/\",\"name\":\"Livros Reunidos - Livraria Solmar - Livraria online\",\"isPartOf\":{\"@id\":\"https:\/\/livrariasolmar.pt\/#website\"},\"primaryImageOfPage\":{\"@id\":\"https:\/\/livrariasolmar.pt\/produto\/livros-reunidos\/#primaryimage\"},\"datePublished\":\"2024-05-08T18:18:47+00:00\",\"dateModified\":\"2024-09-18T17:49:17+00:00\",\"breadcrumb\":{\"@id\":\"https:\/\/livrariasolmar.pt\/produto\/livros-reunidos\/#breadcrumb\"},\"inLanguage\":\"en-US\",\"potentialAction\":[{\"@type\":\"ReadAction\",\"target\":[\"https:\/\/livrariasolmar.pt\/produto\/livros-reunidos\/\"]}]},{\"@type\":\"BreadcrumbList\",\"@id\":\"https:\/\/livrariasolmar.pt\/produto\/livros-reunidos\/#breadcrumb\",\"itemListElement\":[{\"@type\":\"ListItem\",\"position\":1,\"name\":\"In\\u00edcio\",\"item\":\"https:\/\/livrariasolmar.pt\/en\/\"},{\"@type\":\"ListItem\",\"position\":2,\"name\":\"Shop\",\"item\":\"https:\/\/livrariasolmar.pt\/en\/shop\/\"},{\"@type\":\"ListItem\",\"position\":3,\"name\":\"Livros Reunidos\"}]}]}<\/script>\n<!-- \/ Yoast SEO plugin. -->","_links":{"self":[{"href":"https:\/\/livrariasolmar.pt\/en\/wp-json\/wp\/v2\/product\/8824"}],"collection":[{"href":"https:\/\/livrariasolmar.pt\/en\/wp-json\/wp\/v2\/product"}],"about":[{"href":"https:\/\/livrariasolmar.pt\/en\/wp-json\/wp\/v2\/types\/product"}],"author":[{"embeddable":true,"href":"https:\/\/livrariasolmar.pt\/en\/wp-json\/wp\/v2\/users\/2"}],"wp:featuredmedia":[{"embeddable":true,"href":"https:\/\/livrariasolmar.pt\/en\/wp-json\/wp\/v2\/media\/8825"}],"wp:attachment":[{"href":"https:\/\/livrariasolmar.pt\/en\/wp-json\/wp\/v2\/media?parent=8824"}],"wp:term":[{"taxonomy":"product_cat","embeddable":true,"href":"https:\/\/livrariasolmar.pt\/en\/wp-json\/wp\/v2\/product_cat?post=8824"},{"taxonomy":"product_tag","embeddable":true,"href":"https:\/\/livrariasolmar.pt\/en\/wp-json\/wp\/v2\/product_tag?post=8824"},{"taxonomy":"cat_produtos","embeddable":true,"href":"https:\/\/livrariasolmar.pt\/en\/wp-json\/wp\/v2\/cat_produtos?post=8824"}],"curies":[{"name":"wp","href":"https:\/\/api.w.org\/{rel}","templated":true}]}}